{"id":3702,"date":"2026-01-19T17:13:14","date_gmt":"2026-01-19T16:13:14","guid":{"rendered":"https:\/\/www.aflyon.org\/produit\/immersion-linguistique-et-culturelle\/"},"modified":"2026-03-19T14:18:37","modified_gmt":"2026-03-19T13:18:37","slug":"inmersion-linguistica-y-cultural","status":"publish","type":"product","link":"https:\/\/www.aflyon.org\/es\/produit\/inmersion-linguistica-y-cultural\/","title":{"rendered":"Inmersi\u00f3n ling\u00fc\u00edstica y cultural"},"content":{"rendered":"<p>a formaci\u00f3n I<strong>nmersi\u00f3n ling\u00fc\u00edstica y cultural <\/strong>es una experiencia intensiva de una semana (30 horas) dise\u00f1ada para docentes interesados en <strong>ense\u00f1ar franc\u00e9s como lengua extranjera (FLE)<\/strong> de manera diferente. Combina formaci\u00f3n pedag\u00f3gica, observaci\u00f3n de clases en situaciones reales y descubrimiento activo de la cultura de Lyon, ofreciendo un enfoque global y concreto de la ense\u00f1anza del franc\u00e9s como lengua extranjera.<\/p>\n<p>Inscrite dans l\u2019offre de <strong>formation FLE pour enseignants<\/strong> de l\u2019Alliance Fran\u00e7aise de Lyon, cette formation unique associe apprentissages professionnels, \u00e9changes avec des experts du FLE et immersion dans la vie culturelle locale, au rythme des \u00e9v\u00e9nements et animations propos\u00e9s tout au long de l\u2019ann\u00e9e.<\/p>\n","protected":false},"excerpt":{"rendered":"<p>Participa en la formaci\u00f3n Inmersi\u00f3n ling\u00fc\u00edstica y cultural<\/p>\n","protected":false},"featured_media":3701,"template":"","meta":{"_acf_changed":false},"product_brand":[],"product_cat":[206,302],"product_tag":[],"class_list":{"0":"post-3702","1":"product","2":"type-product","3":"status-publish","4":"has-post-thumbnail","6":"product_cat-cursos","7":"product_cat-ensenar-el-frances-como-lengua-extranjera","9":"first","10":"instock","11":"sold-individually","12":"shipping-taxable","13":"purchasable","14":"product-type-variable"},"acf":[],"yoast_head":"<!-- This site is optimized with the Yoast SEO plugin v26.7 - https:\/\/yoast.com\/wordpress\/plugins\/seo\/ -->\n<title>Inmersi\u00f3n ling\u00fc\u00edstica y cultural - Alliance Fran\u00e7aise de Lyon<\/title>\n<meta name=\"description\" content=\"Transforma tu ense\u00f1anza del FLE con nuestra formaci\u00f3n inmersiva en Lyon: 30 horas de pedagog\u00eda, observaci\u00f3n y descubrimiento cultural. \u00a1\u00danete a nosotros!\" \/>\n<meta name=\"robots\" content=\"index, follow, max-snippet:-1, max-image-preview:large, max-video-preview:-1\" \/>\n<link rel=\"canonical\" href=\"https:\/\/www.aflyon.org\/es\/produit\/inmersion-linguistica-y-cultural\/\" \/>\n<meta property=\"og:locale\" content=\"es_ES\" \/>\n<meta property=\"og:type\" content=\"article\" \/>\n<meta property=\"og:title\" content=\"Inmersi\u00f3n ling\u00fc\u00edstica y cultural - Alliance Fran\u00e7aise de Lyon\" \/>\n<meta property=\"og:description\" content=\"Transforma tu ense\u00f1anza del FLE con nuestra formaci\u00f3n inmersiva en Lyon: 30 horas de pedagog\u00eda, observaci\u00f3n y descubrimiento cultural. \u00a1\u00danete a nosotros!\" \/>\n<meta property=\"og:url\" content=\"https:\/\/www.aflyon.org\/es\/produit\/inmersion-linguistica-y-cultural\/\" \/>\n<meta property=\"og:site_name\" content=\"Alliance Fran\u00e7aise de Lyon\" \/>\n<meta property=\"article:modified_time\" content=\"2026-03-19T13:18:37+00:00\" \/>\n<meta property=\"og:image\" content=\"https:\/\/www.aflyon.org\/app\/uploads\/2026\/01\/immersion_linguistique_cykturelle_aflyon.png\" \/>\n\t<meta property=\"og:image:width\" content=\"1200\" \/>\n\t<meta property=\"og:image:height\" content=\"800\" \/>\n\t<meta property=\"og:image:type\" content=\"image\/png\" \/>\n<meta name=\"twitter:card\" content=\"summary_large_image\" \/>\n<meta name=\"twitter:label1\" content=\"Est. reading time\" \/>\n\t<meta name=\"twitter:data1\" content=\"4 minutes\" \/>\n<script type=\"application\/ld+json\" class=\"yoast-schema-graph\">{\"@context\":\"https:\/\/schema.org\",\"@graph\":[{\"@type\":\"WebPage\",\"@id\":\"https:\/\/www.aflyon.org\/es\/produit\/inmersion-linguistica-y-cultural\/\",\"url\":\"https:\/\/www.aflyon.org\/es\/produit\/inmersion-linguistica-y-cultural\/\",\"name\":\"Inmersi\u00f3n ling\u00fc\u00edstica y cultural - Alliance Fran\u00e7aise de Lyon\",\"isPartOf\":{\"@id\":\"https:\/\/www.aflyon.org\/es\/#website\"},\"primaryImageOfPage\":{\"@id\":\"https:\/\/www.aflyon.org\/es\/produit\/inmersion-linguistica-y-cultural\/#primaryimage\"},\"image\":{\"@id\":\"https:\/\/www.aflyon.org\/es\/produit\/inmersion-linguistica-y-cultural\/#primaryimage\"},\"thumbnailUrl\":\"https:\/\/www.aflyon.org\/app\/uploads\/2026\/01\/immersion_linguistique_cykturelle_aflyon.png\",\"datePublished\":\"2026-01-19T16:13:14+00:00\",\"dateModified\":\"2026-03-19T13:18:37+00:00\",\"description\":\"Transforma tu ense\u00f1anza del FLE con nuestra formaci\u00f3n inmersiva en Lyon: 30 horas de pedagog\u00eda, observaci\u00f3n y descubrimiento cultural. \u00a1\u00danete a nosotros!\",\"breadcrumb\":{\"@id\":\"https:\/\/www.aflyon.org\/es\/produit\/inmersion-linguistica-y-cultural\/#breadcrumb\"},\"inLanguage\":\"es-ES\",\"potentialAction\":[{\"@type\":\"ReadAction\",\"target\":[\"https:\/\/www.aflyon.org\/es\/produit\/inmersion-linguistica-y-cultural\/\"]}]},{\"@type\":\"ImageObject\",\"inLanguage\":\"es-ES\",\"@id\":\"https:\/\/www.aflyon.org\/es\/produit\/inmersion-linguistica-y-cultural\/#primaryimage\",\"url\":\"https:\/\/www.aflyon.org\/app\/uploads\/2026\/01\/immersion_linguistique_cykturelle_aflyon.png\",\"contentUrl\":\"https:\/\/www.aflyon.org\/app\/uploads\/2026\/01\/immersion_linguistique_cykturelle_aflyon.png\",\"width\":1200,\"height\":800},{\"@type\":\"BreadcrumbList\",\"@id\":\"https:\/\/www.aflyon.org\/es\/produit\/inmersion-linguistica-y-cultural\/#breadcrumb\",\"itemListElement\":[{\"@type\":\"ListItem\",\"position\":1,\"name\":\"Inicio\",\"item\":\"https:\/\/www.aflyon.org\/es\/\"},{\"@type\":\"ListItem\",\"position\":2,\"name\":\"Boutique\",\"item\":\"https:\/\/www.aflyon.org\/boutique\/\"},{\"@type\":\"ListItem\",\"position\":3,\"name\":\"Inmersi\u00f3n ling\u00fc\u00edstica y cultural\"}]},{\"@type\":\"WebSite\",\"@id\":\"https:\/\/www.aflyon.org\/es\/#website\",\"url\":\"https:\/\/www.aflyon.org\/es\/\",\"name\":\"Alliance Fran\u00e7aise de Lyon\",\"description\":\"\",\"potentialAction\":[{\"@type\":\"SearchAction\",\"target\":{\"@type\":\"EntryPoint\",\"urlTemplate\":\"https:\/\/www.aflyon.org\/es\/?s={search_term_string}\"},\"query-input\":{\"@type\":\"PropertyValueSpecification\",\"valueRequired\":true,\"valueName\":\"search_term_string\"}}],\"inLanguage\":\"es-ES\"}]}<\/script>\n<!-- \/ Yoast SEO plugin. -->","yoast_head_json":{"title":"Inmersi\u00f3n ling\u00fc\u00edstica y cultural - Alliance Fran\u00e7aise de Lyon","description":"Transforma tu ense\u00f1anza del FLE con nuestra formaci\u00f3n inmersiva en Lyon: 30 horas de pedagog\u00eda, observaci\u00f3n y descubrimiento cultural. \u00a1\u00danete a nosotros!","robots":{"index":"index","follow":"follow","max-snippet":"max-snippet:-1","max-image-preview":"max-image-preview:large","max-video-preview":"max-video-preview:-1"},"canonical":"https:\/\/www.aflyon.org\/es\/produit\/inmersion-linguistica-y-cultural\/","og_locale":"es_ES","og_type":"article","og_title":"Inmersi\u00f3n ling\u00fc\u00edstica y cultural - Alliance Fran\u00e7aise de Lyon","og_description":"Transforma tu ense\u00f1anza del FLE con nuestra formaci\u00f3n inmersiva en Lyon: 30 horas de pedagog\u00eda, observaci\u00f3n y descubrimiento cultural. \u00a1\u00danete a nosotros!","og_url":"https:\/\/www.aflyon.org\/es\/produit\/inmersion-linguistica-y-cultural\/","og_site_name":"Alliance Fran\u00e7aise de Lyon","article_modified_time":"2026-03-19T13:18:37+00:00","og_image":[{"width":1200,"height":800,"url":"https:\/\/www.aflyon.org\/app\/uploads\/2026\/01\/immersion_linguistique_cykturelle_aflyon.png","type":"image\/png"}],"twitter_card":"summary_large_image","twitter_misc":{"Est. reading time":"4 minutes"},"schema":{"@context":"https:\/\/schema.org","@graph":[{"@type":"WebPage","@id":"https:\/\/www.aflyon.org\/es\/produit\/inmersion-linguistica-y-cultural\/","url":"https:\/\/www.aflyon.org\/es\/produit\/inmersion-linguistica-y-cultural\/","name":"Inmersi\u00f3n ling\u00fc\u00edstica y cultural - Alliance Fran\u00e7aise de Lyon","isPartOf":{"@id":"https:\/\/www.aflyon.org\/es\/#website"},"primaryImageOfPage":{"@id":"https:\/\/www.aflyon.org\/es\/produit\/inmersion-linguistica-y-cultural\/#primaryimage"},"image":{"@id":"https:\/\/www.aflyon.org\/es\/produit\/inmersion-linguistica-y-cultural\/#primaryimage"},"thumbnailUrl":"https:\/\/www.aflyon.org\/app\/uploads\/2026\/01\/immersion_linguistique_cykturelle_aflyon.png","datePublished":"2026-01-19T16:13:14+00:00","dateModified":"2026-03-19T13:18:37+00:00","description":"Transforma tu ense\u00f1anza del FLE con nuestra formaci\u00f3n inmersiva en Lyon: 30 horas de pedagog\u00eda, observaci\u00f3n y descubrimiento cultural. \u00a1\u00danete a nosotros!","breadcrumb":{"@id":"https:\/\/www.aflyon.org\/es\/produit\/inmersion-linguistica-y-cultural\/#breadcrumb"},"inLanguage":"es-ES","potentialAction":[{"@type":"ReadAction","target":["https:\/\/www.aflyon.org\/es\/produit\/inmersion-linguistica-y-cultural\/"]}]},{"@type":"ImageObject","inLanguage":"es-ES","@id":"https:\/\/www.aflyon.org\/es\/produit\/inmersion-linguistica-y-cultural\/#primaryimage","url":"https:\/\/www.aflyon.org\/app\/uploads\/2026\/01\/immersion_linguistique_cykturelle_aflyon.png","contentUrl":"https:\/\/www.aflyon.org\/app\/uploads\/2026\/01\/immersion_linguistique_cykturelle_aflyon.png","width":1200,"height":800},{"@type":"BreadcrumbList","@id":"https:\/\/www.aflyon.org\/es\/produit\/inmersion-linguistica-y-cultural\/#breadcrumb","itemListElement":[{"@type":"ListItem","position":1,"name":"Inicio","item":"https:\/\/www.aflyon.org\/es\/"},{"@type":"ListItem","position":2,"name":"Boutique","item":"https:\/\/www.aflyon.org\/boutique\/"},{"@type":"ListItem","position":3,"name":"Inmersi\u00f3n ling\u00fc\u00edstica y cultural"}]},{"@type":"WebSite","@id":"https:\/\/www.aflyon.org\/es\/#website","url":"https:\/\/www.aflyon.org\/es\/","name":"Alliance Fran\u00e7aise de Lyon","description":"","potentialAction":[{"@type":"SearchAction","target":{"@type":"EntryPoint","urlTemplate":"https:\/\/www.aflyon.org\/es\/?s={search_term_string}"},"query-input":{"@type":"PropertyValueSpecification","valueRequired":true,"valueName":"search_term_string"}}],"inLanguage":"es-ES"}]}},"_links":{"self":[{"href":"https:\/\/www.aflyon.org\/es\/wp-json\/wp\/v2\/product\/3702","targetHints":{"allow":["GET"]}}],"collection":[{"href":"https:\/\/www.aflyon.org\/es\/wp-json\/wp\/v2\/product"}],"about":[{"href":"https:\/\/www.aflyon.org\/es\/wp-json\/wp\/v2\/types\/product"}],"wp:featuredmedia":[{"embeddable":true,"href":"https:\/\/www.aflyon.org\/es\/wp-json\/wp\/v2\/media\/3701"}],"wp:attachment":[{"href":"https:\/\/www.aflyon.org\/es\/wp-json\/wp\/v2\/media?parent=3702"}],"wp:term":[{"taxonomy":"product_brand","embeddable":true,"href":"https:\/\/www.aflyon.org\/es\/wp-json\/wp\/v2\/product_brand?post=3702"},{"taxonomy":"product_cat","embeddable":true,"href":"https:\/\/www.aflyon.org\/es\/wp-json\/wp\/v2\/product_cat?post=3702"},{"taxonomy":"product_tag","embeddable":true,"href":"https:\/\/www.aflyon.org\/es\/wp-json\/wp\/v2\/product_tag?post=3702"}],"curies":[{"name":"wp","href":"https:\/\/api.w.org\/{rel}","templated":true}]}}